{"id":3513,"date":"2017-08-09T14:38:46","date_gmt":"2017-08-09T14:38:46","guid":{"rendered":"https:\/\/www.schaebens.de\/home\/"},"modified":"2025-09-25T12:27:19","modified_gmt":"2025-09-25T10:27:19","slug":"home-2","status":"publish","type":"page","link":"https:\/\/www.schaebens.de\/fr\/","title":{"rendered":"Accueil"},"content":{"rendered":"<div class=\"wpb-content-wrapper\"><p>[vc_row][vc_column]\n\t\t\t<!-- START Franz\u00f6sisch REVOLUTION SLIDER 6.7.14 --><p class=\"rs-p-wp-fix\"><\/p>\n\t\t\t<rs-module-wrap id=\"rev_slider_6_1_wrapper\" data-source=\"gallery\" style=\"visibility:hidden;background:transparent;padding:0;margin:0px auto;margin-top:0;margin-bottom:0;\">\n\t\t\t\t<rs-module id=\"rev_slider_6_1\" style=\"\" data-version=\"6.7.14\">\n\t\t\t\t\t<rs-slides style=\"overflow: hidden; position: absolute;\">\n\t\t\t\t\t\t<rs-slide style=\"position: absolute;\" data-key=\"rs-29\" data-title=\"Slide\" data-thumb=\"\/\/www.schaebens.de\/wp-content\/uploads\/2025\/09\/anti-imperfection-patchs-100x50.jpg\" data-link=\"\/\/www.schaebens.de\/fr\/produkte\/anti-imperfections-patchs\/\" data-tag=\"l\" data-target=\"_self\" data-seoz=\"front\" data-anim=\"ms:600;\" data-in=\"o:0;\" data-out=\"a:false;\">\n\t\t\t\t\t\t\t<img decoding=\"async\" src=\"\/\/www.schaebens.de\/wp-content\/plugins\/revslider\/sr6\/assets\/assets\/dummy.png\" alt=\"\" title=\"anti-imperfection patchs\" width=\"1920\" height=\"850\" class=\"rev-slidebg tp-rs-img rs-lazyload\" data-lazyload=\"\/\/www.schaebens.de\/wp-content\/uploads\/2025\/09\/anti-imperfection-patchs.jpg\" data-bg=\"p:right center;f:contain;\" data-parallax=\"off\" data-no-retina>\n<!---->\t\t\t\t\t<\/rs-slide>\n\t\t\t\t\t\t<rs-slide style=\"position: absolute;\" data-key=\"rs-30\" data-title=\"Slide\" data-thumb=\"\/\/www.schaebens.de\/wp-content\/uploads\/2025\/09\/masques-en-tissu-1-100x50.jpg\" data-link=\"\/\/www.schaebens.de\/fr\/produkte\/kategorie\/masques-en-tissu\/\" data-tag=\"l\" data-target=\"_self\" data-seoz=\"front\" data-anim=\"ms:600;\" data-in=\"o:0;\" data-out=\"a:false;\">\n\t\t\t\t\t\t\t<img decoding=\"async\" src=\"\/\/www.schaebens.de\/wp-content\/plugins\/revslider\/sr6\/assets\/assets\/dummy.png\" alt=\"\" title=\"masques en tissu\" width=\"1920\" height=\"850\" class=\"rev-slidebg tp-rs-img rs-lazyload\" data-lazyload=\"\/\/www.schaebens.de\/wp-content\/uploads\/2025\/09\/masques-en-tissu-1.jpg\" data-bg=\"p:left center;f:contain;\" data-parallax=\"off\" data-no-retina>\n<!---->\t\t\t\t\t<\/rs-slide>\n\t\t\t\t\t\t<rs-slide style=\"position: absolute;\" data-key=\"rs-31\" data-title=\"Slide\" data-thumb=\"\/\/www.schaebens.de\/wp-content\/uploads\/2025\/09\/patchs-pour-les-yeux-1-100x50.jpg\" data-link=\"\/\/www.schaebens.de\/fr\/produkte\/kategorie\/patchs-pour-les-yeux\/\" data-tag=\"l\" data-target=\"_self\" data-seoz=\"front\" data-anim=\"ms:600;\" data-in=\"o:0;\" data-out=\"a:false;\">\n\t\t\t\t\t\t\t<img decoding=\"async\" src=\"\/\/www.schaebens.de\/wp-content\/plugins\/revslider\/sr6\/assets\/assets\/dummy.png\" alt=\"\" title=\"patchs pour les yeux\" width=\"1920\" height=\"850\" class=\"rev-slidebg tp-rs-img rs-lazyload\" data-lazyload=\"\/\/www.schaebens.de\/wp-content\/uploads\/2025\/09\/patchs-pour-les-yeux-1.jpg\" data-bg=\"p:right center;f:contain;\" data-parallax=\"off\" data-no-retina>\n<!---->\t\t\t\t\t<\/rs-slide>\n\t\t\t\t\t<\/rs-slides>\n\t\t\t\t<\/rs-module>\n\t\t\t\t<script>\n\t\t\t\t\tsetREVStartSize({c: 'rev_slider_6_1',rl:[1240,1240,1240,480],el:[850,850,850,470],gw:[1920,1920,1920,480],gh:[850,850,850,470],type:'standard',justify:'',layout:'fullwidth',mh:\"0\"});if (window.RS_MODULES!==undefined && window.RS_MODULES.modules!==undefined && window.RS_MODULES.modules[\"revslider61\"]!==undefined) {window.RS_MODULES.modules[\"revslider61\"].once = false;window.revapi6 = undefined;if (window.RS_MODULES.checkMinimal!==undefined) window.RS_MODULES.checkMinimal()}\n\t\t\t\t<\/script>\n\t\t\t<\/rs-module-wrap>\n\t\t\t<!-- END REVOLUTION SLIDER -->\n[\/vc_column][\/vc_row][vc_row][vc_column]<div class=\"mkd-section-title-holder\" style=\"text-align: center\">\n\t\t\t<h2 class=\"mkd-st-title\" >\n\t\t\t<span>Masques en tissu<\/span>\n\t\t<\/h2>\n\t\t\t\t<p class=\"mkd-st-text\" >R\u00e9v\u00e9lez votre \u00e9clat naturel avec nos masques en tissu ! Notre gamme de masques en tissu offre des formules rapides et efficaces sp\u00e9cialement con\u00e7ues pour r\u00e9pondre \u00e0 chaque besoin de la peau.<\/p>\n\t<\/div>[vc_empty_space height=\u00a0\u00bb10px\u00a0\u00bb][vc_row_inner][vc_column_inner width=\u00a0\u00bb3\/4&Prime;][vc_single_image image=\u00a0\u00bb46477&Prime; img_size=\u00a0\u00bbfull\u00a0\u00bb alignment=\u00a0\u00bbcenter\u00a0\u00bb css=\u00a0\u00bb\u00a0\u00bb][\/vc_column_inner][vc_column_inner width=\u00a0\u00bb1\/4&Prime;][vc_single_image image=\u00a0\u00bb50822&Prime; img_size=\u00a0\u00bbfull\u00a0\u00bb alignment=\u00a0\u00bbcenter\u00a0\u00bb onclick=\u00a0\u00bbcustom_link\u00a0\u00bb css=\u00a0\u00bb\u00a0\u00bb link=\u00a0\u00bbhttps:\/\/www.schaebens.de\/fr\/produkte\/hyaluron-tuch-maske\/\u00a0\u00bb][vc_empty_space][vc_single_image image=\u00a0\u00bb50917&Prime; img_size=\u00a0\u00bbfull\u00a0\u00bb alignment=\u00a0\u00bbcenter\u00a0\u00bb onclick=\u00a0\u00bbcustom_link\u00a0\u00bb css=\u00a0\u00bb\u00a0\u00bb link=\u00a0\u00bbhttps:\/\/www.schaebens.de\/fr\/produkte\/aloe-vera-tuch-maske\/\u00a0\u00bb][\/vc_column_inner][\/vc_row_inner][\/vc_column][\/vc_row][vc_row][vc_column css_animation=\u00a0\u00bbfadeIn\u00a0\u00bb][vc_empty_space height=\u00a0\u00bb60px\u00a0\u00bb]<div class=\"mkd-section-title-holder\" style=\"text-align: center\">\n\t\t\t<h2 class=\"mkd-st-title\" >\n\t\t\t<span>Patchs pour les yeux<\/span>\n\t\t<\/h2>\n\t\t\t\t<p class=\"mkd-st-text\" >D\u00e9couvrez le secret d&#039;un regard \u00e9clatant avec nos patchs pour les yeux. Leur large forme et leurs ingr\u00e9dients soigneusement s\u00e9lectionn\u00e9s permettent une hydratation cibl\u00e9e du contour des yeux et contribuent efficacement \u00e0 r\u00e9duire les poches et les cernes.<\/p>\n\t<\/div>[vc_empty_space][vc_row_inner][vc_column_inner width=\u00a0\u00bb1\/4&Prime;][vc_single_image image=\u00a0\u00bb50926&Prime; img_size=\u00a0\u00bbfull\u00a0\u00bb alignment=\u00a0\u00bbcenter\u00a0\u00bb onclick=\u00a0\u00bbcustom_link\u00a0\u00bb css=\u00a0\u00bb\u00a0\u00bb link=\u00a0\u00bbhttps:\/\/www.schaebens.de\/fr\/produkte\/golden-glow-augen-gel-pads\/\u00a0\u00bb][vc_empty_space][vc_single_image image=\u00a0\u00bb50812&Prime; img_size=\u00a0\u00bbfull\u00a0\u00bb alignment=\u00a0\u00bbcenter\u00a0\u00bb onclick=\u00a0\u00bbcustom_link\u00a0\u00bb css=\u00a0\u00bb\u00a0\u00bb link=\u00a0\u00bbhttps:\/\/www.schaebens.de\/fr\/produkte\/patchs-gel-pour-les-yeux-vitamin-bomb\/\u00a0\u00bb][\/vc_column_inner][vc_column_inner width=\u00a0\u00bb3\/4&Prime;][vc_single_image image=\u00a0\u00bb46507&Prime; img_size=\u00a0\u00bbfull\u00a0\u00bb alignment=\u00a0\u00bbcenter\u00a0\u00bb css=\u00a0\u00bb\u00a0\u00bb][\/vc_column_inner][\/vc_row_inner][vc_empty_space]<div class=\"mkd-section-title-holder\" style=\"text-align: center\">\n\t\t\t<h2 class=\"mkd-st-title\" >\n\t\t\t<span>Douceur et efficacit\u00e9<\/span>\n\t\t<\/h2>\n\t\t\t\t<p class=\"mkd-st-text\" >Lors de l\u2019\u00e9laboration de nos produits, nous mettons un point d\u2019honneur \u00e0 garantir leur efficacit\u00e9 tout en respectant la sensibilit\u00e9 de chaque type de peau. Diff\u00e9rents tests et labels de qualit\u00e9 confirment l&#039;excellence de nos produits.<\/p>\n\t<\/div>[vc_single_image image=\u00a0\u00bb46493&Prime; img_size=\u00a0\u00bbfull\u00a0\u00bb alignment=\u00a0\u00bbcenter\u00a0\u00bb onclick=\u00a0\u00bbcustom_link\u00a0\u00bb css=\u00a0\u00bb\u00a0\u00bb link=\u00a0\u00bbhttps:\/\/www.schaebens.de\/fr\/beratung\/tolerance-cutanee-efficacite-cosmetiques\/\u00a0\u00bb][\/vc_column][vc_column css_animation=\u00a0\u00bbfadeIn\u00a0\u00bb]<div class=\"mkd-section-title-holder\" style=\"text-align: center\">\n\t\t\t<h2 class=\"mkd-st-title\" >\n\t\t\t<span>CONSEILS D\u2019EXPERT<\/span>\n\t\t<\/h2>\n\t\t\t\t<p class=\"mkd-st-text\" >Pour un vrai moment de bien-\u00eatre! D\u00e9couvrez les nouveaux articles de la rubrique ``Conseils``!<\/p>\n\t<\/div><div class=\"post-list-carousel\">\n        <h1 class=\"visually-hidden\">H1 f\u00fcr Struktur<\/h1>\n    <h2 class=\"visually-hidden\">H2 f\u00fcr Struktur<\/h2>\n    <h3 class=\"visually-hidden\">H3 f\u00fcr Struktur<\/h3>\n    <h4 class=\"visually-hidden\">H4 f\u00fcr Struktur<\/h4>\n    <h5 class=\"visually-hidden\">H5 f\u00fcr Struktur<\/h5>\n    <h6 aria-label=\"Nouvelles\">\n        <span aria-label=\"Nouvelles\">Nouvelles<\/span>\n    <\/h6>\n    <div class=\"mkd-plc-holder  mkd-normal-space  mkd-plc-nav-default-skin\">\n        <div class=\"mkd-plc-outer mkd-owl-slider\" data-number-of-items=\"3\" data-enable-loop=\"no\" data-enable-autoplay=\"no\" data-slider-speed=\"5000\" data-slider-speed-animation=\"600\" data-enable-navigation=\"yes\">\n                            <div class=\"mkd-bl-item clearfix\">\n    <a itemprop=\"url\" href=\"https:\/\/www.schaebens.de\/fr\/beratung\/tout-sur-les-masques\/\" aria-label=\"Tout sur les masques\">\n        <div class=\"mkd-bli-inner\">\n            <div class=\"mkd-bli-image\">\n                <img decoding=\"async\" width=\"619\" height=\"380\" src=\"https:\/\/www.schaebens.de\/wp-content\/uploads\/2023\/07\/Schaebens_Creme_Maske-619x380.jpg\" class=\"attachment-schae_teaser size-schae_teaser wp-post-image\" alt=\"\" \/>                <div class=\"mkd-post-info-category\">\n        Magazine<\/div>\n            <\/div>\n            <div class=\"mkd-bli-content\">\n                <div class=\"mkd-bli-title\">\n                                            <h4 itemprop=\"name\" class=\"entry-title mkd-pli-title\" >\n                            Tout sur les masques                        <\/h4>\n                                    <\/div>\n                <div class=\"mkd-bli-excerpt\">\n                        <div class=\"mkd-post-excerpt-holder\">\n        <p itemprop=\"description\" class=\"mkd-post-excerpt\">\n            Tout savoir sur les masques - la beaut\u00e9 en un clin d'\u0153il !        <\/p>\n    <\/div>\n                    <div class=\"mkd-post-read-more-button\">\n<a itemprop=\"url\" href=\"https:\/\/www.schaebens.de\/fr\/beratung\/tout-sur-les-masques\/\" target=\"_self\"  class=\"mkd-btn mkd-btn-medium mkd-btn-simple mkd-btn-icon mkd-blog-list-button\"  >    <span class=\"mkd-btn-text\">Continuer<\/span>    <i class=\"mkd-icon-linear-icon lnr lnr-arrow-right \" ><\/i><\/a><\/div>\n                <\/div>\n            <\/div>\n        <\/div>\n    <\/a>\n<\/div>\n                            <div class=\"mkd-bl-item clearfix\">\n    <a itemprop=\"url\" href=\"https:\/\/www.schaebens.de\/fr\/beratung\/cosmetiques-vegetaliens\/\" aria-label=\"Cosm\u00e9tiques v\u00e9gans\">\n        <div class=\"mkd-bli-inner\">\n            <div class=\"mkd-bli-image\">\n                <img decoding=\"async\" width=\"619\" height=\"380\" src=\"https:\/\/www.schaebens.de\/wp-content\/uploads\/2018\/02\/Vegan-schaebens-cosmetics-619x380.jpg\" class=\"attachment-schae_teaser size-schae_teaser wp-post-image\" alt=\"Vegan-schaebens-cosmetics\" srcset=\"https:\/\/www.schaebens.de\/wp-content\/uploads\/2018\/02\/Vegan-schaebens-cosmetics-619x380.jpg 619w, https:\/\/www.schaebens.de\/wp-content\/uploads\/2018\/02\/Vegan-schaebens-cosmetics-108x65.jpg 108w\" sizes=\"(max-width: 619px) 100vw, 619px\" \/>                <div class=\"mkd-post-info-category\">\n        Magazine<\/div>\n            <\/div>\n            <div class=\"mkd-bli-content\">\n                <div class=\"mkd-bli-title\">\n                                            <h4 itemprop=\"name\" class=\"entry-title mkd-pli-title\" >\n                            Cosm\u00e9tiques v\u00e9gans                        <\/h4>\n                                    <\/div>\n                <div class=\"mkd-bli-excerpt\">\n                        <div class=\"mkd-post-excerpt-holder\">\n        <p itemprop=\"description\" class=\"mkd-post-excerpt\">\n            Les cosm\u00e9tiques v\u00e9gans, c'est quoi ?        <\/p>\n    <\/div>\n                    <div class=\"mkd-post-read-more-button\">\n<a itemprop=\"url\" href=\"https:\/\/www.schaebens.de\/fr\/beratung\/cosmetiques-vegetaliens\/\" target=\"_self\"  class=\"mkd-btn mkd-btn-medium mkd-btn-simple mkd-btn-icon mkd-blog-list-button\"  >    <span class=\"mkd-btn-text\">Continuer<\/span>    <i class=\"mkd-icon-linear-icon lnr lnr-arrow-right \" ><\/i><\/a><\/div>\n                <\/div>\n            <\/div>\n        <\/div>\n    <\/a>\n<\/div>\n                            <div class=\"mkd-bl-item clearfix\">\n    <a itemprop=\"url\" href=\"https:\/\/www.schaebens.de\/fr\/beratung\/ingredients\/\" aria-label=\"Ingredients\">\n        <div class=\"mkd-bli-inner\">\n            <div class=\"mkd-bli-image\">\n                <img decoding=\"async\" width=\"619\" height=\"380\" src=\"https:\/\/www.schaebens.de\/wp-content\/uploads\/2018\/02\/shutterstock_639676156-619x380.jpg\" class=\"attachment-schae_teaser size-schae_teaser wp-post-image\" alt=\"Ingredients-in-cometic-products\" \/>                <div class=\"mkd-post-info-category\">\n        Magazine<\/div>\n            <\/div>\n            <div class=\"mkd-bli-content\">\n                <div class=\"mkd-bli-title\">\n                                            <h4 itemprop=\"name\" class=\"entry-title mkd-pli-title\" >\n                            Ingredients                        <\/h4>\n                                    <\/div>\n                <div class=\"mkd-bli-excerpt\">\n                        <div class=\"mkd-post-excerpt-holder\">\n        <p itemprop=\"description\" class=\"mkd-post-excerpt\">\n            En savoir plus sur une s\u00e9lection d'ingr\u00e9dients?        <\/p>\n    <\/div>\n                    <div class=\"mkd-post-read-more-button\">\n<a itemprop=\"url\" href=\"https:\/\/www.schaebens.de\/fr\/beratung\/ingredients\/\" target=\"_self\"  class=\"mkd-btn mkd-btn-medium mkd-btn-simple mkd-btn-icon mkd-blog-list-button\"  >    <span class=\"mkd-btn-text\">Continuer<\/span>    <i class=\"mkd-icon-linear-icon lnr lnr-arrow-right \" ><\/i><\/a><\/div>\n                <\/div>\n            <\/div>\n        <\/div>\n    <\/a>\n<\/div>\n                    <\/div>\n    <\/div>\n        <div class=\"mkd-cta-button-holder\">\n        <div class=\"mkd-cta-button\">\n            <a class=\"mkd-btn mkd-btn-medium mkd-btn-solid\" href=\"https:\/\/www.schaebens.de\/fr\/beratung\/\" itemprop=\"url\" target=\"_self\">\n                <span class=\"mkd-btn-text\">tous les articles<\/span>\n            <\/a>\n        <\/div>\n    <\/div>\n<\/div>\n[\/vc_column][vc_column css_animation=\u00a0\u00bbfadeIn\u00a0\u00bb offset=\u00a0\u00bbvc_hidden-lg vc_hidden-md vc_hidden-sm\u00a0\u00bb][\/vc_column][vc_column css_animation=\u00a0\u00bbfadeIn\u00a0\u00bb offset=\u00a0\u00bbvc_hidden-xs\u00a0\u00bb][\/vc_column][\/vc_row]<\/p>\n<\/div>","protected":false},"excerpt":{"rendered":"<p>[vc_row][vc_column][\/vc_column][\/vc_row][vc_row][vc_column][vc_empty_space height=\u00a0\u00bb10px\u00a0\u00bb][vc_row_inner][vc_column_inner width=\u00a0\u00bb3\/4&Prime;][vc_single_image image=\u00a0\u00bb46477&Prime; img_size=\u00a0\u00bbfull\u00a0\u00bb alignment=\u00a0\u00bbcenter\u00a0\u00bb css=\u00a0\u00bb\u00a0\u00bb][\/vc_column_inner][vc_column_inner width=\u00a0\u00bb1\/4&Prime;][vc_single_image image=\u00a0\u00bb50822&Prime; img_size=\u00a0\u00bbfull\u00a0\u00bb alignment=\u00a0\u00bbcenter\u00a0\u00bb onclick=\u00a0\u00bbcustom_link\u00a0\u00bb css=\u00a0\u00bb\u00a0\u00bb link=\u00a0\u00bbhttps:\/\/www.schaebens.de\/fr\/produkte\/hyaluron-tuch-maske\/\u00a0\u00bb][vc_empty_space][vc_single_image image=\u00a0\u00bb50917&Prime; img_size=\u00a0\u00bbfull\u00a0\u00bb alignment=\u00a0\u00bbcenter\u00a0\u00bb onclick=\u00a0\u00bbcustom_link\u00a0\u00bb css=\u00a0\u00bb\u00a0\u00bb link=\u00a0\u00bbhttps:\/\/www.schaebens.de\/fr\/produkte\/aloe-vera-tuch-maske\/\u00a0\u00bb][\/vc_column_inner][\/vc_row_inner][\/vc_column][\/vc_row][vc_row][vc_column css_animation=\u00a0\u00bbfadeIn\u00a0\u00bb][vc_empty_space height=\u00a0\u00bb60px\u00a0\u00bb][vc_empty_space][vc_row_inner][vc_column_inner width=\u00a0\u00bb1\/4&Prime;][vc_single_image image=\u00a0\u00bb50926&Prime; img_size=\u00a0\u00bbfull\u00a0\u00bb alignment=\u00a0\u00bbcenter\u00a0\u00bb onclick=\u00a0\u00bbcustom_link\u00a0\u00bb css=\u00a0\u00bb\u00a0\u00bb link=\u00a0\u00bbhttps:\/\/www.schaebens.de\/fr\/produkte\/golden-glow-augen-gel-pads\/\u00a0\u00bb][vc_empty_space][vc_single_image image=\u00a0\u00bb50812&Prime; img_size=\u00a0\u00bbfull\u00a0\u00bb alignment=\u00a0\u00bbcenter\u00a0\u00bb onclick=\u00a0\u00bbcustom_link\u00a0\u00bb css=\u00a0\u00bb\u00a0\u00bb link=\u00a0\u00bbhttps:\/\/www.schaebens.de\/fr\/produkte\/patchs-gel-pour-les-yeux-vitamin-bomb\/\u00a0\u00bb][\/vc_column_inner][vc_column_inner width=\u00a0\u00bb3\/4&Prime;][vc_single_image image=\u00a0\u00bb46507&Prime; img_size=\u00a0\u00bbfull\u00a0\u00bb alignment=\u00a0\u00bbcenter\u00a0\u00bb css=\u00a0\u00bb\u00a0\u00bb][\/vc_column_inner][\/vc_row_inner][vc_empty_space][vc_single_image [&hellip;]<\/p>\n","protected":false},"author":14,"featured_media":0,"parent":0,"menu_order":126,"comment_status":"closed","ping_status":"closed","template":"","meta":{"_acf_changed":false,"footnotes":""},"yst_prominent_words":[],"class_list":["post-3513","page","type-page","status-publish","hentry"],"acf":[],"_links":{"self":[{"href":"https:\/\/www.schaebens.de\/fr\/wp-json\/wp\/v2\/pages\/3513","targetHints":{"allow":["GET"]}}],"collection":[{"href":"https:\/\/www.schaebens.de\/fr\/wp-json\/wp\/v2\/pages"}],"about":[{"href":"https:\/\/www.schaebens.de\/fr\/wp-json\/wp\/v2\/types\/page"}],"author":[{"embeddable":true,"href":"https:\/\/www.schaebens.de\/fr\/wp-json\/wp\/v2\/users\/14"}],"replies":[{"embeddable":true,"href":"https:\/\/www.schaebens.de\/fr\/wp-json\/wp\/v2\/comments?post=3513"}],"version-history":[{"count":3,"href":"https:\/\/www.schaebens.de\/fr\/wp-json\/wp\/v2\/pages\/3513\/revisions"}],"predecessor-version":[{"id":51023,"href":"https:\/\/www.schaebens.de\/fr\/wp-json\/wp\/v2\/pages\/3513\/revisions\/51023"}],"wp:attachment":[{"href":"https:\/\/www.schaebens.de\/fr\/wp-json\/wp\/v2\/media?parent=3513"}],"wp:term":[{"taxonomy":"yst_prominent_words","embeddable":true,"href":"https:\/\/www.schaebens.de\/fr\/wp-json\/wp\/v2\/yst_prominent_words?post=3513"}],"curies":[{"name":"wp","href":"https:\/\/api.w.org\/{rel}","templated":true}]}}